{"id":24408,"date":"2023-06-16T10:25:03","date_gmt":"2023-06-16T14:25:03","guid":{"rendered":"https:\/\/sdc-cotedesneiges.ca\/?page_id=24408"},"modified":"2025-07-23T09:27:52","modified_gmt":"2025-07-23T13:27:52","slug":"itinerary-the-visual","status":"publish","type":"page","link":"https:\/\/sdc-cotedesneiges.ca\/en\/plan-your-visit\/itinerary-the-visual\/","title":{"rendered":"Itinerary The Visual"},"content":{"rendered":"\n<div style=\"height:100px\" aria-hidden=\"true\" class=\"wp-block-spacer\"><\/div>\n\n\n\n<div class=\"wp-block-group\"><div class=\"wp-block-group__inner-container is-layout-flow wp-block-group-is-layout-flow\">\n<h1 class=\"wp-block-heading has-text-align-center has-orange-color has-text-color\">The visual<\/h1>\n\n\n\n<h2 class=\"wp-block-heading has-text-align-center has-orange-color has-text-color\">Photography\u2019s itinerary<\/h2>\n<\/div><\/div>\n\n\n\n<div style=\"height:75px\" aria-hidden=\"true\" class=\"wp-block-spacer\"><\/div>\n\n\n\n<div class=\"wp-block-group\"><div class=\"wp-block-group__inner-container is-layout-flow wp-block-group-is-layout-flow\">\n<div class=\"wp-block-columns is-layout-flex wp-container-core-columns-is-layout-1 wp-block-columns-is-layout-flex\">\n<div class=\"wp-block-column is-layout-flow wp-block-column-is-layout-flow\">\n<iframe src=\"https:\/\/www.google.com\/maps\/embed?pb=!1m44!1m12!1m3!1d6686.063004453765!2d-73.62507275148862!3d45.49428203429779!2m3!1f0!2f0!3f0!3m2!1i1024!2i768!4f13.1!4m29!3e2!4m5!1s0x4cc919efd8928287%3A0xabfdc5f421206496!2s%C3%89glise%20Notre-Dame-des-Neiges%2C%20Chemin%20de%20la%20C%C3%B4te-des-Neiges%2C%20Montr%C3%A9al%2C%20QC!3m2!1d45.4964757!2d-73.62331999999999!4m5!1s0x4cc919f0410745bb%3A0x851649d52acbe01d!2sBrulerie%20Urbaine%2C%20Chemin%20de%20la%20C%C3%B4te-des-Neiges%2C%20Montr%C3%A9al%2C%20QC!3m2!1d45.495769599999996!2d-73.6214574!4m3!3m2!1d45.496578799999995!2d-73.62102759999999!4m5!1s0x4cc9192dde8fd16b%3A0xd0fe64951b59a738!2sPokai%2C%20Chemin%20de%20la%20C%C3%B4te-des-Neiges%2C%20Montr%C3%A9al%2C%20QC!3m2!1d45.4953873!2d-73.61956649999999!4m5!1s0x4cc919fa77b2df69%3A0x4a430fcebf116d43!2sOratoire%20Saint-Joseph%20du%20Mont-Royal%2C%20Chemin%20Queen%20Mary%2C%20Montr%C3%A9al%2C%20QC!3m2!1d45.491912199999994!2d-73.6164668!5e1!3m2!1sfr!2sca!4v1751464309931!5m2!1sfr!2sca\" width=\"600\" height=\"450\" style=\"border:0;\" allowfullscreen=\"\" loading=\"lazy\" referrerpolicy=\"no-referrer-when-downgrade\"><\/iframe>\n\n\n\n<div style=\"height:15px\" aria-hidden=\"true\" class=\"wp-block-spacer\"><\/div>\n\n\n\n<figure class=\"wp-block-image size-large\"><img loading=\"lazy\" decoding=\"async\" width=\"2250\" height=\"2250\" src=\"https:\/\/sdc-cotedesneiges.ca\/wp-content\/uploads\/2025\/07\/Le-Visuel-2-Jardin-Oratoire-edited-1.jpg\" alt=\"\" class=\"wp-image-26620\" style=\"aspect-ratio:1;object-fit:cover\" srcset=\"https:\/\/sdc-cotedesneiges.ca\/wp-content\/uploads\/2025\/07\/Le-Visuel-2-Jardin-Oratoire-edited-1.jpg 2250w, https:\/\/sdc-cotedesneiges.ca\/wp-content\/uploads\/2025\/07\/Le-Visuel-2-Jardin-Oratoire-edited-1-750x750.jpg 750w, https:\/\/sdc-cotedesneiges.ca\/wp-content\/uploads\/2025\/07\/Le-Visuel-2-Jardin-Oratoire-edited-1-1024x1024.jpg 1024w, https:\/\/sdc-cotedesneiges.ca\/wp-content\/uploads\/2025\/07\/Le-Visuel-2-Jardin-Oratoire-edited-1-300x300.jpg 300w, https:\/\/sdc-cotedesneiges.ca\/wp-content\/uploads\/2025\/07\/Le-Visuel-2-Jardin-Oratoire-edited-1-768x768.jpg 768w, https:\/\/sdc-cotedesneiges.ca\/wp-content\/uploads\/2025\/07\/Le-Visuel-2-Jardin-Oratoire-edited-1-1536x1536.jpg 1536w, https:\/\/sdc-cotedesneiges.ca\/wp-content\/uploads\/2025\/07\/Le-Visuel-2-Jardin-Oratoire-edited-1-2048x2048.jpg 2048w\" sizes=\"auto, (max-width: 2250px) 100vw, 2250px\" \/><\/figure>\n<\/div>\n\n\n\n<div class=\"wp-block-column is-layout-flow wp-block-column-is-layout-flow\">\n<p class=\"has-jaune-color has-text-color\"><\/p>\n\n\n\n<p class=\"has-white-color has-orange-background-color has-text-color has-background\"><strong>Path length:<\/strong> 1 km<br><strong>Recommended duration:<\/strong> 2h30<br><strong>Recommended transportation:<\/strong> Walk<br><strong>To discover in this itinerary:<\/strong><br>\u00c9glise Notre-Dame-des-Neiges, Br\u00fblerie Urbaine, Murale \u00ab&nbsp;La pr\u00e9misse d\u2019une fleur,&nbsp;\u00bb Poka\u2019i, Saint-Joseph&#8217;s Oratory<\/p>\n\n\n\n<p><\/p>\n\n\n\n<p>Whether you\u2019re an amateur or a professional photographer, each stop along the way has been carefully selected to offer you unique photo opportunities, highlighting the urban beauty and cultural diversity of C\u00f4te-des-Neiges.<\/p>\n\n\n\n<p>Your journey begins at Notre-Dame-des-Neiges church, a majestic monument, ready to be immortalized by your lens. Grab your camera and be guided through an unforgettable visual experience. Your second stop will take you to <a href=\"https:\/\/sdc-cotedesneiges.ca\/en\/places\/brulerie-urbaine-montreal\/\"><mark style=\"background-color:rgba(0, 0, 0, 0)\" class=\"has-inline-color has-bleu-color\">Br\u00fblerie Urbaine<\/mark><\/a>, a haven of flavours and textures where aromas of coffee mingle with the warm neighbourhood atmosphere. Capture the very essence of this artisanal coffee shop, where every cup tells a story. Continue your exploration on Jean-Brillant Street, where the vivid colours of Agostino Iacurci\u2019s mural \u201cLa pr\u00e9misse d\u2019une fleur\u201d will inspire awe. Then, discover <a href=\"https:\/\/sdc-cotedesneiges.ca\/en\/places\/pokai-restaurant\/\"><mark style=\"background-color:rgba(0, 0, 0, 0)\" class=\"has-inline-color has-bleu-color\">Poka\u2019i<\/mark><\/a>\u2019s menu, which offers terribly appetizing (and instragramable) poke bowls and banh mi. Last but most certainly not least, follow chem Queen Mary to the West for your final destination, one of the most iconic landmarks of the city: <a href=\"https:\/\/sdc-cotedesneiges.ca\/en\/places\/saint-josephs-oratory-mount-royal\/\"><mark style=\"background-color:rgba(0, 0, 0, 0)\" class=\"has-inline-color has-bleu-color\">Saint-Joseph\u2019s Oratory of Mount Royal<\/mark><\/a> and its magnificent garden. Admire this carefully curated green space and the jaw-dropping viewpoint to capture truly extraordinary images of the neighbourhood, particularly at sunset.<\/p>\n\n\n\n<p class=\"has-orange-color has-text-color\"><\/p>\n\n\n\n<p><strong>To view the full itinerary on Google:<\/strong> <a href=\"https:\/\/maps.app.goo.gl\/yCueLJL5Kv3pmiZL9\" target=\"_blank\" rel=\"noreferrer noopener\"><mark style=\"background-color:rgba(0, 0, 0, 0)\" class=\"has-inline-color has-bleu-color\">click here<\/mark><\/a><\/p>\n<\/div>\n<\/div>\n<\/div><\/div>\n\n\n\n<div class=\"wp-block-group\"><div class=\"wp-block-group__inner-container is-layout-flow wp-block-group-is-layout-flow\"><\/div><\/div>\n\n\n\n<div style=\"height:74px\" aria-hidden=\"true\" class=\"wp-block-spacer\"><\/div>\n\n\n\n<hr class=\"wp-block-separator has-css-opacity is-style-wide\"\/>\n\n\n\n<div style=\"height:75px\" aria-hidden=\"true\" class=\"wp-block-spacer\"><\/div>\n\n\n\n<div class=\"wp-block-group\"><div class=\"wp-block-group__inner-container is-layout-flow wp-block-group-is-layout-flow\">\n<div class=\"wp-block-columns colonnes-m-12 is-layout-flex wp-container-core-columns-is-layout-2 wp-block-columns-is-layout-flex\">\n<div class=\"wp-block-column is-layout-flow wp-block-column-is-layout-flow\" style=\"flex-basis:25%\"><\/div>\n\n\n\n<div class=\"wp-block-column is-layout-flow wp-block-column-is-layout-flow\" style=\"flex-basis:50%\">\n<h3 class=\"wp-block-heading has-text-align-center\"><\/h3>\n<\/div>\n\n\n\n<div class=\"wp-block-column is-layout-flow wp-block-column-is-layout-flow\" style=\"flex-basis:25%\"><\/div>\n<\/div>\n<\/div><\/div>\n\n\n\n<div style=\"height:60px\" aria-hidden=\"true\" class=\"wp-block-spacer\"><\/div>\n\n\n\n<div class=\"wp-block-group\"><div class=\"wp-block-group__inner-container is-layout-flow wp-block-group-is-layout-flow\">\n<div class=\"wp-block-columns is-layout-flex wp-container-core-columns-is-layout-3 wp-block-columns-is-layout-flex\">\n<div class=\"wp-block-column is-layout-flow wp-block-column-is-layout-flow\">\n<div style=\"height:20px\" aria-hidden=\"true\" class=\"wp-block-spacer\"><\/div>\n\n\n\n<p class=\"has-text-align-center\"><\/p>\n<\/div>\n<\/div>\n<\/div><\/div>\n\n\n\n<div style=\"height:75px\" aria-hidden=\"true\" class=\"wp-block-spacer\"><\/div>\n","protected":false},"excerpt":{"rendered":"<p>The visual Photography\u2019s itinerary Path length: 1 kmRecommended duration: 2h30Recommended transportation: WalkTo discover in this&#8230; <a class=\"read-more\" href=\"https:\/\/sdc-cotedesneiges.ca\/en\/plan-your-visit\/itinerary-the-visual\/\">Read More <i class=\"fas fa-arrow-right\"><\/i><\/a><\/p>\n","protected":false},"author":4,"featured_media":0,"parent":12004,"menu_order":0,"comment_status":"closed","ping_status":"closed","template":"","meta":{"_acf_changed":false,"footnotes":""},"class_list":["post-24408","page","type-page","status-publish","hentry"],"acf":[],"yoast_head":"<!-- This site is optimized with the Yoast SEO plugin v24.5 - https:\/\/yoast.com\/wordpress\/plugins\/seo\/ -->\n<title>SDC C\u00f4te-des-Neiges | Itin\u00e9raire Spirituel<\/title>\n<meta name=\"description\" content=\"Le parcours de la SDC C\u00f4te-des-Neiges \u2013 Itin\u00e9raire Spirituel vous fera d\u00e9couvrir les attraits touristiques et commerciaux du quartier.\" \/>\n<meta name=\"robots\" content=\"index, follow, max-snippet:-1, max-image-preview:large, max-video-preview:-1\" \/>\n<link rel=\"canonical\" href=\"https:\/\/sdc-cotedesneiges.ca\/en\/plan-your-visit\/itinerary-the-visual\/\" \/>\n<meta property=\"og:locale\" content=\"en_US\" \/>\n<meta property=\"og:type\" content=\"article\" \/>\n<meta property=\"og:title\" content=\"SDC C\u00f4te-des-Neiges | Itin\u00e9raire Spirituel\" \/>\n<meta property=\"og:description\" content=\"Le parcours de la SDC C\u00f4te-des-Neiges \u2013 Itin\u00e9raire Spirituel vous fera d\u00e9couvrir les attraits touristiques et commerciaux du quartier.\" \/>\n<meta property=\"og:url\" content=\"https:\/\/sdc-cotedesneiges.ca\/en\/plan-your-visit\/itinerary-the-visual\/\" \/>\n<meta property=\"og:site_name\" content=\"SDC C\u00f4te-des-Neiges\" \/>\n<meta property=\"article:publisher\" content=\"https:\/\/www.facebook.com\/sdc.cotedesneiges\/\" \/>\n<meta property=\"article:modified_time\" content=\"2025-07-23T13:27:52+00:00\" \/>\n<meta property=\"og:image\" content=\"https:\/\/sdc-cotedesneiges.ca\/wp-content\/uploads\/2025\/07\/Le-Visuel-2-Jardin-Oratoire-edited-1.jpg\" \/>\n\t<meta property=\"og:image:width\" content=\"2250\" \/>\n\t<meta property=\"og:image:height\" content=\"2250\" \/>\n\t<meta property=\"og:image:type\" content=\"image\/jpeg\" \/>\n<meta name=\"twitter:card\" content=\"summary_large_image\" \/>\n<meta name=\"twitter:label1\" content=\"Est. reading time\" \/>\n\t<meta name=\"twitter:data1\" content=\"2 minutes\" \/>\n<script type=\"application\/ld+json\" class=\"yoast-schema-graph\">{\"@context\":\"https:\/\/schema.org\",\"@graph\":[{\"@type\":\"WebPage\",\"@id\":\"https:\/\/sdc-cotedesneiges.ca\/en\/plan-your-visit\/itinerary-the-visual\/\",\"url\":\"https:\/\/sdc-cotedesneiges.ca\/en\/plan-your-visit\/itinerary-the-visual\/\",\"name\":\"SDC C\u00f4te-des-Neiges | Itin\u00e9raire Spirituel\",\"isPartOf\":{\"@id\":\"https:\/\/sdc-cotedesneiges.ca\/en\/#website\"},\"primaryImageOfPage\":{\"@id\":\"https:\/\/sdc-cotedesneiges.ca\/en\/plan-your-visit\/itinerary-the-visual\/#primaryimage\"},\"image\":{\"@id\":\"https:\/\/sdc-cotedesneiges.ca\/en\/plan-your-visit\/itinerary-the-visual\/#primaryimage\"},\"thumbnailUrl\":\"https:\/\/sdc-cotedesneiges.ca\/wp-content\/uploads\/2025\/07\/Le-Visuel-2-Jardin-Oratoire-edited-1.jpg\",\"datePublished\":\"2023-06-16T14:25:03+00:00\",\"dateModified\":\"2025-07-23T13:27:52+00:00\",\"description\":\"Le parcours de la SDC C\u00f4te-des-Neiges \u2013 Itin\u00e9raire Spirituel vous fera d\u00e9couvrir les attraits touristiques et commerciaux du quartier.\",\"breadcrumb\":{\"@id\":\"https:\/\/sdc-cotedesneiges.ca\/en\/plan-your-visit\/itinerary-the-visual\/#breadcrumb\"},\"inLanguage\":\"en-US\",\"potentialAction\":[{\"@type\":\"ReadAction\",\"target\":[\"https:\/\/sdc-cotedesneiges.ca\/en\/plan-your-visit\/itinerary-the-visual\/\"]}]},{\"@type\":\"ImageObject\",\"inLanguage\":\"en-US\",\"@id\":\"https:\/\/sdc-cotedesneiges.ca\/en\/plan-your-visit\/itinerary-the-visual\/#primaryimage\",\"url\":\"https:\/\/sdc-cotedesneiges.ca\/wp-content\/uploads\/2025\/07\/Le-Visuel-2-Jardin-Oratoire-edited-1.jpg\",\"contentUrl\":\"https:\/\/sdc-cotedesneiges.ca\/wp-content\/uploads\/2025\/07\/Le-Visuel-2-Jardin-Oratoire-edited-1.jpg\"},{\"@type\":\"BreadcrumbList\",\"@id\":\"https:\/\/sdc-cotedesneiges.ca\/en\/plan-your-visit\/itinerary-the-visual\/#breadcrumb\",\"itemListElement\":[{\"@type\":\"ListItem\",\"position\":1,\"name\":\"Accueil\",\"item\":\"https:\/\/sdc-cotedesneiges.ca\/en\/\"},{\"@type\":\"ListItem\",\"position\":2,\"name\":\"Plan your visit\",\"item\":\"https:\/\/sdc-cotedesneiges.ca\/en\/plan-your-visit\/\"},{\"@type\":\"ListItem\",\"position\":3,\"name\":\"Itinerary The Visual\"}]},{\"@type\":\"WebSite\",\"@id\":\"https:\/\/sdc-cotedesneiges.ca\/en\/#website\",\"url\":\"https:\/\/sdc-cotedesneiges.ca\/en\/\",\"name\":\"SDC C\u00f4te-des-Neiges\",\"description\":\"Organisme \u00e0 but non-lucratif cr\u00e9\u00e9 en 2018, la SDC C\u00f4te-des-Neiges regroupe 230 commer\u00e7ants et professionnels.\",\"publisher\":{\"@id\":\"https:\/\/sdc-cotedesneiges.ca\/en\/#organization\"},\"potentialAction\":[{\"@type\":\"SearchAction\",\"target\":{\"@type\":\"EntryPoint\",\"urlTemplate\":\"https:\/\/sdc-cotedesneiges.ca\/en\/?s={search_term_string}\"},\"query-input\":{\"@type\":\"PropertyValueSpecification\",\"valueRequired\":true,\"valueName\":\"search_term_string\"}}],\"inLanguage\":\"en-US\"},{\"@type\":\"Organization\",\"@id\":\"https:\/\/sdc-cotedesneiges.ca\/en\/#organization\",\"name\":\"SDC C\u00f4te-des-Neiges\",\"url\":\"https:\/\/sdc-cotedesneiges.ca\/en\/\",\"logo\":{\"@type\":\"ImageObject\",\"inLanguage\":\"en-US\",\"@id\":\"https:\/\/sdc-cotedesneiges.ca\/en\/#\/schema\/logo\/image\/\",\"url\":\"https:\/\/sdc-cotedesneiges.ca\/wp-content\/uploads\/2020\/05\/logo-sdc-cote-des-neiges.png\",\"contentUrl\":\"https:\/\/sdc-cotedesneiges.ca\/wp-content\/uploads\/2020\/05\/logo-sdc-cote-des-neiges.png\",\"width\":1221,\"height\":1290,\"caption\":\"SDC C\u00f4te-des-Neiges\"},\"image\":{\"@id\":\"https:\/\/sdc-cotedesneiges.ca\/en\/#\/schema\/logo\/image\/\"},\"sameAs\":[\"https:\/\/www.facebook.com\/sdc.cotedesneiges\/\",\"https:\/\/www.instagram.com\/sdc.cotedesneiges\/\",\"https:\/\/www.linkedin.com\/company\/sdc-cotedesneiges\/\"]}]}<\/script>\n<!-- \/ Yoast SEO plugin. -->","yoast_head_json":{"title":"SDC C\u00f4te-des-Neiges | Itin\u00e9raire Spirituel","description":"Le parcours de la SDC C\u00f4te-des-Neiges \u2013 Itin\u00e9raire Spirituel vous fera d\u00e9couvrir les attraits touristiques et commerciaux du quartier.","robots":{"index":"index","follow":"follow","max-snippet":"max-snippet:-1","max-image-preview":"max-image-preview:large","max-video-preview":"max-video-preview:-1"},"canonical":"https:\/\/sdc-cotedesneiges.ca\/en\/plan-your-visit\/itinerary-the-visual\/","og_locale":"en_US","og_type":"article","og_title":"SDC C\u00f4te-des-Neiges | Itin\u00e9raire Spirituel","og_description":"Le parcours de la SDC C\u00f4te-des-Neiges \u2013 Itin\u00e9raire Spirituel vous fera d\u00e9couvrir les attraits touristiques et commerciaux du quartier.","og_url":"https:\/\/sdc-cotedesneiges.ca\/en\/plan-your-visit\/itinerary-the-visual\/","og_site_name":"SDC C\u00f4te-des-Neiges","article_publisher":"https:\/\/www.facebook.com\/sdc.cotedesneiges\/","article_modified_time":"2025-07-23T13:27:52+00:00","og_image":[{"width":2250,"height":2250,"url":"https:\/\/sdc-cotedesneiges.ca\/wp-content\/uploads\/2025\/07\/Le-Visuel-2-Jardin-Oratoire-edited-1.jpg","type":"image\/jpeg"}],"twitter_card":"summary_large_image","twitter_misc":{"Est. reading time":"2 minutes"},"schema":{"@context":"https:\/\/schema.org","@graph":[{"@type":"WebPage","@id":"https:\/\/sdc-cotedesneiges.ca\/en\/plan-your-visit\/itinerary-the-visual\/","url":"https:\/\/sdc-cotedesneiges.ca\/en\/plan-your-visit\/itinerary-the-visual\/","name":"SDC C\u00f4te-des-Neiges | Itin\u00e9raire Spirituel","isPartOf":{"@id":"https:\/\/sdc-cotedesneiges.ca\/en\/#website"},"primaryImageOfPage":{"@id":"https:\/\/sdc-cotedesneiges.ca\/en\/plan-your-visit\/itinerary-the-visual\/#primaryimage"},"image":{"@id":"https:\/\/sdc-cotedesneiges.ca\/en\/plan-your-visit\/itinerary-the-visual\/#primaryimage"},"thumbnailUrl":"https:\/\/sdc-cotedesneiges.ca\/wp-content\/uploads\/2025\/07\/Le-Visuel-2-Jardin-Oratoire-edited-1.jpg","datePublished":"2023-06-16T14:25:03+00:00","dateModified":"2025-07-23T13:27:52+00:00","description":"Le parcours de la SDC C\u00f4te-des-Neiges \u2013 Itin\u00e9raire Spirituel vous fera d\u00e9couvrir les attraits touristiques et commerciaux du quartier.","breadcrumb":{"@id":"https:\/\/sdc-cotedesneiges.ca\/en\/plan-your-visit\/itinerary-the-visual\/#breadcrumb"},"inLanguage":"en-US","potentialAction":[{"@type":"ReadAction","target":["https:\/\/sdc-cotedesneiges.ca\/en\/plan-your-visit\/itinerary-the-visual\/"]}]},{"@type":"ImageObject","inLanguage":"en-US","@id":"https:\/\/sdc-cotedesneiges.ca\/en\/plan-your-visit\/itinerary-the-visual\/#primaryimage","url":"https:\/\/sdc-cotedesneiges.ca\/wp-content\/uploads\/2025\/07\/Le-Visuel-2-Jardin-Oratoire-edited-1.jpg","contentUrl":"https:\/\/sdc-cotedesneiges.ca\/wp-content\/uploads\/2025\/07\/Le-Visuel-2-Jardin-Oratoire-edited-1.jpg"},{"@type":"BreadcrumbList","@id":"https:\/\/sdc-cotedesneiges.ca\/en\/plan-your-visit\/itinerary-the-visual\/#breadcrumb","itemListElement":[{"@type":"ListItem","position":1,"name":"Accueil","item":"https:\/\/sdc-cotedesneiges.ca\/en\/"},{"@type":"ListItem","position":2,"name":"Plan your visit","item":"https:\/\/sdc-cotedesneiges.ca\/en\/plan-your-visit\/"},{"@type":"ListItem","position":3,"name":"Itinerary The Visual"}]},{"@type":"WebSite","@id":"https:\/\/sdc-cotedesneiges.ca\/en\/#website","url":"https:\/\/sdc-cotedesneiges.ca\/en\/","name":"SDC C\u00f4te-des-Neiges","description":"Organisme \u00e0 but non-lucratif cr\u00e9\u00e9 en 2018, la SDC C\u00f4te-des-Neiges regroupe 230 commer\u00e7ants et professionnels.","publisher":{"@id":"https:\/\/sdc-cotedesneiges.ca\/en\/#organization"},"potentialAction":[{"@type":"SearchAction","target":{"@type":"EntryPoint","urlTemplate":"https:\/\/sdc-cotedesneiges.ca\/en\/?s={search_term_string}"},"query-input":{"@type":"PropertyValueSpecification","valueRequired":true,"valueName":"search_term_string"}}],"inLanguage":"en-US"},{"@type":"Organization","@id":"https:\/\/sdc-cotedesneiges.ca\/en\/#organization","name":"SDC C\u00f4te-des-Neiges","url":"https:\/\/sdc-cotedesneiges.ca\/en\/","logo":{"@type":"ImageObject","inLanguage":"en-US","@id":"https:\/\/sdc-cotedesneiges.ca\/en\/#\/schema\/logo\/image\/","url":"https:\/\/sdc-cotedesneiges.ca\/wp-content\/uploads\/2020\/05\/logo-sdc-cote-des-neiges.png","contentUrl":"https:\/\/sdc-cotedesneiges.ca\/wp-content\/uploads\/2020\/05\/logo-sdc-cote-des-neiges.png","width":1221,"height":1290,"caption":"SDC C\u00f4te-des-Neiges"},"image":{"@id":"https:\/\/sdc-cotedesneiges.ca\/en\/#\/schema\/logo\/image\/"},"sameAs":["https:\/\/www.facebook.com\/sdc.cotedesneiges\/","https:\/\/www.instagram.com\/sdc.cotedesneiges\/","https:\/\/www.linkedin.com\/company\/sdc-cotedesneiges\/"]}]}},"_links":{"self":[{"href":"https:\/\/sdc-cotedesneiges.ca\/en\/wp-json\/wp\/v2\/pages\/24408","targetHints":{"allow":["GET"]}}],"collection":[{"href":"https:\/\/sdc-cotedesneiges.ca\/en\/wp-json\/wp\/v2\/pages"}],"about":[{"href":"https:\/\/sdc-cotedesneiges.ca\/en\/wp-json\/wp\/v2\/types\/page"}],"author":[{"embeddable":true,"href":"https:\/\/sdc-cotedesneiges.ca\/en\/wp-json\/wp\/v2\/users\/4"}],"replies":[{"embeddable":true,"href":"https:\/\/sdc-cotedesneiges.ca\/en\/wp-json\/wp\/v2\/comments?post=24408"}],"version-history":[{"count":9,"href":"https:\/\/sdc-cotedesneiges.ca\/en\/wp-json\/wp\/v2\/pages\/24408\/revisions"}],"predecessor-version":[{"id":26631,"href":"https:\/\/sdc-cotedesneiges.ca\/en\/wp-json\/wp\/v2\/pages\/24408\/revisions\/26631"}],"up":[{"embeddable":true,"href":"https:\/\/sdc-cotedesneiges.ca\/en\/wp-json\/wp\/v2\/pages\/12004"}],"wp:attachment":[{"href":"https:\/\/sdc-cotedesneiges.ca\/en\/wp-json\/wp\/v2\/media?parent=24408"}],"curies":[{"name":"wp","href":"https:\/\/api.w.org\/{rel}","templated":true}]}}